{"id":2422,"date":"2022-08-01T08:57:41","date_gmt":"2022-08-01T06:57:41","guid":{"rendered":"https:\/\/evangelischer-zuspruch.de\/?page_id=2422"},"modified":"2022-08-01T08:57:41","modified_gmt":"2022-08-01T06:57:41","slug":"zusprueche-juli-2022","status":"publish","type":"page","link":"https:\/\/evangelischer-zuspruch.de\/?page_id=2422","title":{"rendered":"Zuspr\u00fcche: Juli 2022"},"content":{"rendered":"\n<p>Hier finden Sie die t\u00e4glichen evangelischen Zuspr\u00fcche und der gottesdienstlichen Andachten<br><strong>Beginnend vom 01.07.2022 (Nr. 829) bis zum 31.07.2022 (Nr. 859)<\/strong><\/p>\n\n\n\n<p><strong>Smartphone: Zur besseren Ansicht der Tabelle bitte waagrecht! <\/strong> <\/p>\n\n\n\n<p> Wenn du den Newsletter (= Aktualisierungsdienst) mit dem neusten Evangelischen Zuspruch erhalten willst, klicke <a href=\"http:\/\/zuspruch.dieter-becker.de\/?page_id=104\"><strong>HIER<\/strong><\/a> und trage dich ein. Abmelden immer m\u00f6glich. <\/p>\n\n\n\n\n<table id=\"tablepress-40\" class=\"tablepress tablepress-id-40\">\n<thead>\n<tr class=\"row-1\">\n\t<th class=\"column-1\"><strong>Datum<br \/>\nZuspruch Anh\u00f6ren<\/strong><\/th><th class=\"column-2\"><strong>Bibeltext<\/strong><\/th><th class=\"column-3\"><strong>Autor<\/strong><\/th><th class=\"column-4\"><strong>Thema<\/strong><\/th>\n<\/tr>\n<\/thead>\n<tbody class=\"row-striping row-hover\">\n<tr class=\"row-2\">\n\t<td class=\"column-1\"><a href=\"https:\/\/evangelischer-zuspruch.de\/wp-content\/uploads\/2022\/06\/20220701_en-passant.mp3\" rel=\"noopener\" target=\"_blank\">Fr, 01.07.2022<\/a><\/td><td class=\"column-2\">Matth\u00e4us 9, 22<\/td><td class=\"column-3\">Dieter Becker<\/td><td class=\"column-4\">En Passant<\/td>\n<\/tr>\n<tr class=\"row-3\">\n\t<td class=\"column-1\"><a href=\"https:\/\/evangelischer-zuspruch.de\/wp-content\/uploads\/2022\/07\/20220702_Verhaeltnisbestimmung.mp3\" rel=\"noopener\" target=\"_blank\">Sa, 02.07.2022<\/a><br \/>\n830. Zuspruchtag seit 25.03.2022<\/td><td class=\"column-2\"><a href=\"https:\/\/www.bibleserver.com\/Ne%C3%9C.LUT.ZB\/Psalm139\" rel=\"noopener\" target=\"_blank\">Psalm 139<\/a>, 9+10<\/td><td class=\"column-3\">Dieter Becker<\/td><td class=\"column-4\">Verh\u00e4ltnisbestimmung<\/td>\n<\/tr>\n<tr class=\"row-4\">\n\t<td class=\"column-1\"><a href=\"https:\/\/evangelischer-zuspruch.de\/wp-content\/uploads\/2022\/07\/20220703_3.So_.n.Trin_.mp3\" rel=\"noopener\" target=\"_blank\">So, 03.07.2022<\/a><br \/>\n3. So. n. Trinitatis<br \/>\nGottesdienstliche Andacht<\/td><td class=\"column-2\">Psalm 103 (742)<br \/>\nEvangelium: Lukas 15, 1-3.11b-32 <br \/>\nPredigttext: <a href=\"https:\/\/de.wikipedia.org\/wiki\/Ezechiel\" rel=\"noopener\" target=\"_blank\">Hesekiel<\/a> 18 (Ausz\u00fcge)<\/td><td class=\"column-3\">Dieter Becker<\/td><td class=\"column-4\">Wandlungsf\u00e4higkeit<br \/>\n336, 353, 12, 289<\/td>\n<\/tr>\n<tr class=\"row-5\">\n\t<td class=\"column-1\"><a href=\"https:\/\/evangelischer-zuspruch.de\/wp-content\/uploads\/2022\/07\/20220704_Suffix-Heiligung.mp3\" rel=\"noopener\" target=\"_blank\">Mo, 04.07.2022<\/a><\/td><td class=\"column-2\">Johannes 17, 17<\/td><td class=\"column-3\">Dieter Becker<\/td><td class=\"column-4\"><a href=\"https:\/\/de.wikipedia.org\/wiki\/Suffix\" rel=\"noopener\" target=\"_blank\">Suffix<\/a>-Heiligung<\/td>\n<\/tr>\n<tr class=\"row-6\">\n\t<td class=\"column-1\"><a href=\"https:\/\/evangelischer-zuspruch.de\/wp-content\/uploads\/2022\/07\/20220705_Vater-Abraham.mp3\" rel=\"noopener\" target=\"_blank\">Di, 05.07.2022<\/a><\/td><td class=\"column-2\">1. Mose 15, 6<br \/>\nGalater 3, 7<\/td><td class=\"column-3\">Dieter Becker<\/td><td class=\"column-4\">Vater <a href=\"https:\/\/de.wikipedia.org\/wiki\/Abraham\" rel=\"noopener\" target=\"_blank\">Abraham<\/a><\/td>\n<\/tr>\n<tr class=\"row-7\">\n\t<td class=\"column-1\"><a href=\"https:\/\/evangelischer-zuspruch.de\/wp-content\/uploads\/2022\/07\/20220706_Licht_Glanz_Kurzschluss.mp3\" rel=\"noopener\" target=\"_blank\">Mi, 06.07.2022<\/a><br \/>\n<\/td><td class=\"column-2\">Jesaja 60, 19 &amp; 1. Johannes 1, 5<\/td><td class=\"column-3\">Dieter Becker<\/td><td class=\"column-4\">Licht, Glanz &amp; Kurzschluss<\/td>\n<\/tr>\n<tr class=\"row-8\">\n\t<td class=\"column-1\"><a href=\"https:\/\/evangelischer-zuspruch.de\/wp-content\/uploads\/2022\/07\/20220707_Tumbe-Juenger.mp3\" rel=\"noopener\" target=\"_blank\">Do, 07.07.2022<\/a><\/td><td class=\"column-2\"><a href=\"https:\/\/www.bibleserver.com\/Ne%C3%9C.LUT.ZB\/Markus10%2C13-16\" rel=\"noopener\" target=\"_blank\">Markus 10, 16<\/a><\/td><td class=\"column-3\">Dieter Becker<\/td><td class=\"column-4\">Tumbe J\u00fcnger <br \/>\n<a href=\"https:\/\/de.wikipedia.org\/wiki\/Apostel\" rel=\"noopener\" target=\"_blank\">Apostel<\/a><\/td>\n<\/tr>\n<tr class=\"row-9\">\n\t<td class=\"column-1\"><a href=\"https:\/\/evangelischer-zuspruch.de\/wp-content\/uploads\/2022\/07\/20220708_Andere.mp3\" rel=\"noopener\" target=\"_blank\">Fr, 08.07.2022<\/a><\/td><td class=\"column-2\">Jeremia 21, 14 &amp; Galater 6,9<\/td><td class=\"column-3\">Dieter Becker<\/td><td class=\"column-4\">Andere<\/td>\n<\/tr>\n<tr class=\"row-10\">\n\t<td class=\"column-1\"><a href=\"https:\/\/evangelischer-zuspruch.de\/wp-content\/uploads\/2022\/07\/20220709_Felsenwasser.mp3\" rel=\"noopener\" target=\"_blank\">Sa, 09.07.2022<\/a><br \/>\n<\/td><td class=\"column-2\">Jesaja 48, 21 &amp; Johannes 7, 37<\/td><td class=\"column-3\">Dieter Becker<\/td><td class=\"column-4\">Felsenwasser<br \/>\nBibel: <a href=\"https:\/\/www.bibleserver.com\/search\/Ne%C3%9C.LUT.ZB\/Wasser%20aus%20Felsen\" rel=\"noopener\" target=\"_blank\">Wasser aus Felsen<\/a><\/td>\n<\/tr>\n<tr class=\"row-11\">\n\t<td class=\"column-1\"><a href=\"https:\/\/evangelischer-zuspruch.de\/wp-content\/uploads\/2022\/07\/20220710_4.So_.n.Trin_.mp3\" rel=\"noopener\" target=\"_blank\">So, 10.07.2022<\/a><br \/>\n4. So. n. Trinitatis<br \/>\nGottesdienstliche Andacht<\/td><td class=\"column-2\">Psalm 42 (EG 723)<br \/>\nEv.: Lukas 6, 36-42<br \/>\nPredigt: <a href=\"https:\/\/www.bibleserver.com\/Ne%C3%9C.LUT.ZB\/Johannes8\" rel=\"noopener\" target=\"_blank\">Johannes 8, 3-11 (12!)<\/a><\/td><td class=\"column-3\">Dieter Becker<\/td><td class=\"column-4\">Alltagsevangelium<br \/>\n<a href=\"https:\/\/de.wikipedia.org\/wiki\/Jesus_und_die_Ehebrecherin\" rel=\"noopener\" target=\"_blank\">Quellenfrage des Predigttextes<\/a><br \/>\n395,503,353,251<\/td>\n<\/tr>\n<tr class=\"row-12\">\n\t<td class=\"column-1\"><a href=\"https:\/\/evangelischer-zuspruch.de\/wp-content\/uploads\/2022\/07\/20220711_Unverzagen.mp3\" rel=\"noopener\" target=\"_blank\">Mo, 11.07.2022<\/a><\/td><td class=\"column-2\">Jeremia 16, 19 &amp; 2. Korinther 4, 8<\/td><td class=\"column-3\">Dieter Becker<\/td><td class=\"column-4\">Unverzagen<\/td>\n<\/tr>\n<tr class=\"row-13\">\n\t<td class=\"column-1\"><a href=\"https:\/\/evangelischer-zuspruch.de\/wp-content\/uploads\/2022\/07\/20220712_Habakuk.mp3\" rel=\"noopener\" target=\"_blank\">Di, 12.07.2022<\/a><br \/>\n840. Zuspruchtag seit 25.03.2022<\/td><td class=\"column-2\"><a href=\"https:\/\/www.bibleserver.com\/Ne%C3%9C.LUT.ZB\/Habakuk1\" rel=\"noopener\" target=\"_blank\">Habakuk<\/a> 3, 19<\/td><td class=\"column-3\">Dieter Becker<\/td><td class=\"column-4\"><a href=\"https:\/\/de.wikipedia.org\/wiki\/Habakuk\" rel=\"noopener\" target=\"_blank\">Habakuk<\/a><\/td>\n<\/tr>\n<tr class=\"row-14\">\n\t<td class=\"column-1\"><a href=\"https:\/\/evangelischer-zuspruch.de\/wp-content\/uploads\/2022\/07\/20220713_Sippenhaftung.mp3\" rel=\"noopener\" target=\"_blank\">Mi, 13.07.2022<\/a><br \/>\n<\/td><td class=\"column-2\">Jesaja 66, 19 &amp; Markus 16,15<\/td><td class=\"column-3\">Dieter Becker<\/td><td class=\"column-4\"><a href=\"https:\/\/de.wikipedia.org\/wiki\/Sippenhaftung\" rel=\"noopener\" target=\"_blank\">Sippenhaftung<\/a><\/td>\n<\/tr>\n<tr class=\"row-15\">\n\t<td class=\"column-1\"><a href=\"https:\/\/evangelischer-zuspruch.de\/wp-content\/uploads\/2022\/07\/20220714_Geburtstag.mp3\" rel=\"noopener\" target=\"_blank\">Do, 14.07.2022<\/a><\/td><td class=\"column-2\">Matth\u00e4us 5, 45b<br \/>\n<a href=\"https:\/\/de.wikipedia.org\/wiki\/Bergpredigt\">Bergpredigt<\/a><\/td><td class=\"column-3\">Dieter Becker<\/td><td class=\"column-4\">Geburtstag<\/td>\n<\/tr>\n<tr class=\"row-16\">\n\t<td class=\"column-1\"><a href=\"https:\/\/evangelischer-zuspruch.de\/wp-content\/uploads\/2022\/07\/20220715_Romantisierende-Klaerung.mp3\" rel=\"noopener\" target=\"_blank\">Fr, 15.07.2022<\/a><\/td><td class=\"column-2\">Psalm 85, 10+11 &amp; R\u00f6mer 5, 1<br \/>\n<\/td><td class=\"column-3\">Dieter Becker<\/td><td class=\"column-4\">Romantisierende Kl\u00e4rung<\/td>\n<\/tr>\n<tr class=\"row-17\">\n\t<td class=\"column-1\"><a href=\"https:\/\/evangelischer-zuspruch.de\/wp-content\/uploads\/2022\/07\/20220716_Gesucht_Diener-Gottes.mp3\" rel=\"noopener\" target=\"_blank\">Sa, 16.07.2022<\/a><br \/>\n<\/td><td class=\"column-2\">2. Korinther 6, 4<br \/>\nschon <a href=\"https:\/\/evangelischer-zuspruch.de\/wp-content\/uploads\/2020\/04\/20200415_Evangelium-und-Zerissenheit.mp3\" rel=\"noopener\" target=\"_blank\">15.04.2020<\/a> und Predigttext am <a href=\"https:\/\/evangelischer-zuspruch.de\/wp-content\/uploads\/2022\/03\/20220306_Invo.mp3\" rel=\"noopener\" target=\"_blank\">06.03.2022<\/a><\/td><td class=\"column-3\">Dieter Becker<\/td><td class=\"column-4\">Gesucht: Diener Gottes<\/td>\n<\/tr>\n<tr class=\"row-18\">\n\t<td class=\"column-1\"><a href=\"https:\/\/evangelischer-zuspruch.de\/wp-content\/uploads\/2022\/07\/20220717_5.So_.n.Trin_.mp3\" rel=\"noopener\" target=\"_blank\">So, 17.07.2022<\/a><br \/>\n5. So. n. Trinitatis<br \/>\nGottesdienstliche Andacht<\/td><td class=\"column-2\">Psalm 1 (EG 702)<br \/>\nEvangelium: Lukas 5, 1-11<br \/>\nPredigttext: 1. Mose 12, 1-4a<\/td><td class=\"column-3\">Dieter Becker<\/td><td class=\"column-4\">Segen &amp; Jesus Christus<br \/>\n443,330,395,241<\/td>\n<\/tr>\n<tr class=\"row-19\">\n\t<td class=\"column-1\"><a href=\"https:\/\/evangelischer-zuspruch.de\/wp-content\/uploads\/2022\/07\/20220718_Poe-The-Raven.mp3\" rel=\"noopener\" target=\"_blank\">Mo, 18.07.2022<\/a><\/td><td class=\"column-2\">Jeremia 8, 21+22<\/td><td class=\"column-3\">Dieter Becker<\/td><td class=\"column-4\"><a href=\"https:\/\/de.wikipedia.org\/wiki\/Edgar_Allan_Poe\" rel=\"noopener\" target=\"_blank\">Edgar Allen Poe<\/a>: <a href=\"https:\/\/evangelischer-zuspruch.de\/wp-content\/uploads\/2022\/07\/THE-RAVEN-by-Edgar-Allen-Poe.pdf\" rel=\"noopener\" target=\"_blank\">The Raven\/Der Rabe<\/a><\/td>\n<\/tr>\n<tr class=\"row-20\">\n\t<td class=\"column-1\"><a href=\"https:\/\/evangelischer-zuspruch.de\/wp-content\/uploads\/2022\/07\/20220719_Handlungsbevollmaechtigt.m4a\" rel=\"noopener\" target=\"_blank\">Di, 19.07.2022<\/a><\/td><td class=\"column-2\"><a href=\"https:\/\/www.bibleserver.com\/Ne%C3%9C.LUT.ZB\/Apostelgeschichte12\" rel=\"noopener\" target=\"_blank\">Apostelgeschichte 12<\/a>, 7<\/td><td class=\"column-3\">Dieter Becker<\/td><td class=\"column-4\">Handlungsbevollm\u00e4chtigt<\/td>\n<\/tr>\n<tr class=\"row-21\">\n\t<td class=\"column-1\"><a href=\"https:\/\/evangelischer-zuspruch.de\/wp-content\/uploads\/2022\/07\/20220720_Befehlskette.mp3\" rel=\"noopener\" target=\"_blank\">Mi, 20.07.2022<\/a><br \/>\n<\/td><td class=\"column-2\">Matth\u00e4us 8, 8<br \/>\n<a href=\"https:\/\/www.bibleserver.com\/Ne%C3%9C.LUT.ZB\/Matth%C3%A4us8%2C5-13\" rel=\"noopener\" target=\"_blank\">Mt 8, 5-12<\/a> (Hauptmann von Kapernaum)<\/td><td class=\"column-3\">Dieter Becker<\/td><td class=\"column-4\">Befehlskette<\/td>\n<\/tr>\n<tr class=\"row-22\">\n\t<td class=\"column-1\"><a href=\"https:\/\/evangelischer-zuspruch.de\/wp-content\/uploads\/2022\/07\/20220721_Reform-des-Glaubens.mp3\" rel=\"noopener\" target=\"_blank\">Do, 21.07.2022<\/a><\/td><td class=\"column-2\">Hesekiel 16, 61+63<\/td><td class=\"column-3\">Dieter Becker<\/td><td class=\"column-4\">Reform des Glaubens<\/td>\n<\/tr>\n<tr class=\"row-23\">\n\t<td class=\"column-1\"><a href=\"https:\/\/evangelischer-zuspruch.de\/wp-content\/uploads\/2022\/07\/20220722_Wir-und-Andere.mp3\" rel=\"noopener\" target=\"_blank\">Fr, 22.07.2022<\/a><br \/>\n850. Zuspruchtag seit 25.03.2022<\/td><td class=\"column-2\">1. K\u00f6nige 8, 56 &amp; Hebr\u00e4er 4, 9<\/td><td class=\"column-3\">Dieter Becker<\/td><td class=\"column-4\">Wir und Andere<\/td>\n<\/tr>\n<tr class=\"row-24\">\n\t<td class=\"column-1\"><a href=\"https:\/\/evangelischer-zuspruch.de\/wp-content\/uploads\/2022\/07\/20220723_Ersitzung-Landnahme.mp3\" rel=\"noopener\" target=\"_blank\">Sa, 23.07.2022<\/a><br \/>\n<\/td><td class=\"column-2\">Josua 1, 9<\/td><td class=\"column-3\">Dieter Becker<\/td><td class=\"column-4\"><a href=\"https:\/\/de.wikipedia.org\/wiki\/Ersitzung\" rel=\"noopener\" target=\"_blank\">Ersitzung<\/a> oder <a href=\"https:\/\/de.wikipedia.org\/wiki\/Landnahme\" rel=\"noopener\" target=\"_blank\">Landnahme<\/a><\/td>\n<\/tr>\n<tr class=\"row-25\">\n\t<td class=\"column-1\"><a href=\"https:\/\/evangelischer-zuspruch.de\/wp-content\/uploads\/2022\/07\/20220724_6.So_.n.Trin_.mp3\" rel=\"noopener\" target=\"_blank\">So, 24.07.2022<\/a><br \/>\n6. So. n. Trinitatis<br \/>\nGottesdienstliche Andacht<\/td><td class=\"column-2\">Psalm 130 (751)<br \/>\nEvangelium: Matth\u00e4us 28, 16-20<br \/>\nPredigt: R\u00f6mer 6, 3-11 oder 11-3 (R\u00fcckw\u00e4rts)<br \/>\n<\/td><td class=\"column-3\">Dieter Becker<\/td><td class=\"column-4\">Tatsache<br \/>\n165,200,123,449<\/td>\n<\/tr>\n<tr class=\"row-26\">\n\t<td class=\"column-1\"><a href=\"https:\/\/evangelischer-zuspruch.de\/wp-content\/uploads\/2022\/07\/20220725_Auf-Messers-Schneide.mp3\" rel=\"noopener\" target=\"_blank\">Mo, 25.07.2022<\/a><\/td><td class=\"column-2\"><a href=\"https:\/\/www.bibleserver.com\/Ne%C3%9C.LUT.ZB\/1.Samuel30\" rel=\"noopener\" target=\"_blank\">1. Samuel 30<\/a>, 6 B<\/td><td class=\"column-3\">Dieter Becker<\/td><td class=\"column-4\">Auf Messers Schneide<\/td>\n<\/tr>\n<tr class=\"row-27\">\n\t<td class=\"column-1\"><a href=\"https:\/\/evangelischer-zuspruch.de\/wp-content\/uploads\/2022\/07\/20220726_Andere-Engel.mp3\" rel=\"noopener\" target=\"_blank\">Di, 26.07.2022<\/a><\/td><td class=\"column-2\"><a href=\"https:\/\/www.bibleserver.com\/Ne%C3%9C.LUT.ZB\/Offenbarung14\" rel=\"noopener\" target=\"_blank\">Offenbarung 14<\/a>, 6+7<\/td><td class=\"column-3\">Dieter Becker<\/td><td class=\"column-4\">Andere Engel<\/td>\n<\/tr>\n<tr class=\"row-28\">\n\t<td class=\"column-1\"><a href=\"https:\/\/evangelischer-zuspruch.de\/wp-content\/uploads\/2022\/07\/20220727_Einer-dankte.mp3\" rel=\"noopener\" target=\"_blank\">Mi, 27.07.2022<\/a><br \/>\n<\/td><td class=\"column-2\">Lukas 17, 15+16<\/td><td class=\"column-3\">Dieter Becker<\/td><td class=\"column-4\">Einer dankte<\/td>\n<\/tr>\n<tr class=\"row-29\">\n\t<td class=\"column-1\"><a href=\"https:\/\/evangelischer-zuspruch.de\/wp-content\/uploads\/2022\/07\/20220728_Nichtige-Gnade.mp3\" rel=\"noopener\" target=\"_blank\">Do, 28.07.2022<\/a><\/td><td class=\"column-2\"><a href=\"https:\/\/www.bibleserver.com\/Ne%C3%9C.LUT.ZB\/Jona2\" rel=\"noopener\" target=\"_blank\">Jona 2<\/a>, 9<\/td><td class=\"column-3\">Dieter Becker<\/td><td class=\"column-4\">Nichtige Gnade<\/td>\n<\/tr>\n<tr class=\"row-30\">\n\t<td class=\"column-1\"><a href=\"https:\/\/evangelischer-zuspruch.de\/wp-content\/uploads\/2022\/07\/20220729_Bing_Zukunft-sehen.mp3\" rel=\"noopener\" target=\"_blank\">Fr, 29.07.2022<\/a><\/td><td class=\"column-2\">1. Johannes 3, 2<\/td><td class=\"column-3\">Dieter Becker<\/td><td class=\"column-4\">Bing oder Zukunft sehen<\/td>\n<\/tr>\n<tr class=\"row-31\">\n\t<td class=\"column-1\"><a href=\"https:\/\/evangelischer-zuspruch.de\/wp-content\/uploads\/2022\/07\/20220729_Ruhe-Ort.mp3\" rel=\"noopener\" target=\"_blank\">Fr, 29.07.2022 b<\/a><br \/>\nVersehentlich Verse von 22.07.2022 nochmals zugesprochen!!<br \/>\n<\/td><td class=\"column-2\">1. K\u00f6nige 8, 56 &amp; Hebr\u00e4er 4, 9<br \/>\nDer Zuspruch ist zu \"gut\", ihn nicht zu pr\u00e4sentieren!<\/td><td class=\"column-3\">Dieter Becker<\/td><td class=\"column-4\">Ruhe = Ruheort<br \/>\nSiehe auch Zuspruch vom 22.07.2022<\/td>\n<\/tr>\n<tr class=\"row-32\">\n\t<td class=\"column-1\"><a href=\"https:\/\/evangelischer-zuspruch.de\/wp-content\/uploads\/2022\/07\/20220730-Geboren-zur-Wahrheit2.mp3\" rel=\"noopener\" target=\"_blank\">Sa, 30.07.2022<\/a><br \/>\n<\/td><td class=\"column-2\">Johannes 18, 37 ( nun auch schon zum zeiten Mal)<\/td><td class=\"column-3\">Dieter Becker<\/td><td class=\"column-4\">Geboren zur Wahrheit 2.<br \/>\nGeboren zur Wahrheit, der 1. Zuspruch <a href=\"https:\/\/evangelischer-zuspruch.de\/wp-content\/uploads\/2020\/04\/20200406_Geboren-zur-Wahrheit.mp3\" rel=\"noopener\" target=\"_blank\">siehe Mo, 06.04.2020<\/a><\/td>\n<\/tr>\n<tr class=\"row-33\">\n\t<td class=\"column-1\"><a href=\"https:\/\/evangelischer-zuspruch.de\/wp-content\/uploads\/2022\/07\/20220731_7.So_.n.Trin_.mp3\" rel=\"noopener\" target=\"_blank\">So, 31.07.2022<\/a><br \/>\n7. So. n. Trinitatis<br \/>\nGottesdienstliche Andacht<\/td><td class=\"column-2\">Psalm 109, 1-9 (nicht im EG)<br \/>\nEvangelium &amp; Predigttext: Johannes 6, 1-15<br \/>\nLieder 251, 320, 346, 337<\/td><td class=\"column-3\">Dieter Becker<\/td><td class=\"column-4\">Einverleiben<br \/>\nThema: <a href=\"https:\/\/de.wikipedia.org\/wiki\/Sugar-Daddy\" rel=\"noopener\" target=\"_blank\">Sugar-Daddy<\/a><br \/>\nARD Film \"<a href=\"https:\/\/www.ardmediathek.de\/video\/filme\/sugarlove\/one\/Y3JpZDovL3dkci5kZS9CZWl0cmFnLTdkOWVmYjRlLThjMTktNGRkNy05MDA0LWFmN2NhMGM2MWIxNw\" rel=\"noopener\" target=\"_blank\">Sugarlove<\/a>\"<\/td>\n<\/tr>\n<\/tbody>\n<\/table>\n<!-- #tablepress-40 from cache -->\n\n\n<p><!--EndFragment--><\/p>","protected":false},"excerpt":{"rendered":"<p>Hier finden Sie die t\u00e4glichen evangelischen Zuspr\u00fcche und der gottesdienstlichen AndachtenBeginnend vom 01.07.2022 (Nr. 829) bis zum 31.07.2022 (Nr. 859) Smartphone: Zur besseren Ansicht der Tabelle bitte waagrecht! Wenn du den Newsletter (= Aktualisierungsdienst) mit<\/p>\n","protected":false},"author":1,"featured_media":0,"parent":0,"menu_order":0,"comment_status":"closed","ping_status":"closed","template":"","meta":{"footnotes":""},"_links":{"self":[{"href":"https:\/\/evangelischer-zuspruch.de\/index.php?rest_route=\/wp\/v2\/pages\/2422"}],"collection":[{"href":"https:\/\/evangelischer-zuspruch.de\/index.php?rest_route=\/wp\/v2\/pages"}],"about":[{"href":"https:\/\/evangelischer-zuspruch.de\/index.php?rest_route=\/wp\/v2\/types\/page"}],"author":[{"embeddable":true,"href":"https:\/\/evangelischer-zuspruch.de\/index.php?rest_route=\/wp\/v2\/users\/1"}],"replies":[{"embeddable":true,"href":"https:\/\/evangelischer-zuspruch.de\/index.php?rest_route=%2Fwp%2Fv2%2Fcomments&post=2422"}],"version-history":[{"count":1,"href":"https:\/\/evangelischer-zuspruch.de\/index.php?rest_route=\/wp\/v2\/pages\/2422\/revisions"}],"predecessor-version":[{"id":2423,"href":"https:\/\/evangelischer-zuspruch.de\/index.php?rest_route=\/wp\/v2\/pages\/2422\/revisions\/2423"}],"wp:attachment":[{"href":"https:\/\/evangelischer-zuspruch.de\/index.php?rest_route=%2Fwp%2Fv2%2Fmedia&parent=2422"}],"curies":[{"name":"wp","href":"https:\/\/api.w.org\/{rel}","templated":true}]}}